{"version":"1.0","provider_name":"RHP R\u00fcfenacht Heer Partner","provider_url":"https:\/\/www.rh-partner.ch\/de\/","author_name":"Mark R\u00fcfenacht","author_url":"https:\/\/www.rh-partner.ch\/de\/author\/mark-ruefenachtwadsack-ch\/","title":"Abzug f\u00fcr die Krankenkassenpr\u00e4mien soll erh\u00f6ht werden - RHP R\u00fcfenacht Heer Partner","type":"rich","width":600,"height":338,"html":"<blockquote class=\"wp-embedded-content\" data-secret=\"sDgImxil7x\"><a href=\"https:\/\/www.rh-partner.ch\/de\/steuern\/abzug-fuer-die-krankenkassenpraemien-soll-erhoeht-werden\/\">Abzug f\u00fcr die Krankenkassenpr\u00e4mien soll erh\u00f6ht werden<\/a><\/blockquote><iframe sandbox=\"allow-scripts\" security=\"restricted\" src=\"https:\/\/www.rh-partner.ch\/de\/steuern\/abzug-fuer-die-krankenkassenpraemien-soll-erhoeht-werden\/embed\/#?secret=sDgImxil7x\" width=\"600\" height=\"338\" title=\"&#8222;Abzug f\u00fcr die Krankenkassenpr\u00e4mien soll erh\u00f6ht werden&#8220; &#8211; RHP R\u00fcfenacht Heer Partner\" data-secret=\"sDgImxil7x\" frameborder=\"0\" marginwidth=\"0\" marginheight=\"0\" scrolling=\"no\" class=\"wp-embedded-content\"><\/iframe><script type=\"text\/javascript\">\n\/* <![CDATA[ *\/\n\/*! This file is auto-generated *\/\n!function(d,l){\"use strict\";l.querySelector&&d.addEventListener&&\"undefined\"!=typeof URL&&(d.wp=d.wp||{},d.wp.receiveEmbedMessage||(d.wp.receiveEmbedMessage=function(e){var t=e.data;if((t||t.secret||t.message||t.value)&&!\/[^a-zA-Z0-9]\/.test(t.secret)){for(var s,r,n,a=l.querySelectorAll('iframe[data-secret=\"'+t.secret+'\"]'),o=l.querySelectorAll('blockquote[data-secret=\"'+t.secret+'\"]'),c=new RegExp(\"^https?:$\",\"i\"),i=0;i<o.length;i++)o[i].style.display=\"none\";for(i=0;i<a.length;i++)s=a[i],e.source===s.contentWindow&&(s.removeAttribute(\"style\"),\"height\"===t.message?(1e3<(r=parseInt(t.value,10))?r=1e3:~~r<200&&(r=200),s.height=r):\"link\"===t.message&&(r=new URL(s.getAttribute(\"src\")),n=new URL(t.value),c.test(n.protocol))&&n.host===r.host&&l.activeElement===s&&(d.top.location.href=t.value))}},d.addEventListener(\"message\",d.wp.receiveEmbedMessage,!1),l.addEventListener(\"DOMContentLoaded\",function(){for(var e,t,s=l.querySelectorAll(\"iframe.wp-embedded-content\"),r=0;r<s.length;r++)(t=(e=s[r]).getAttribute(\"data-secret\"))||(t=Math.random().toString(36).substring(2,12),e.src+=\"#?secret=\"+t,e.setAttribute(\"data-secret\",t)),e.contentWindow.postMessage({message:\"ready\",secret:t},\"*\")},!1)))}(window,document);\n\/\/# sourceURL=https:\/\/www.rh-partner.ch\/wp-includes\/js\/wp-embed.min.js\n\/* ]]> *\/\n<\/script>\n","description":"Der Bundesrat schl\u00e4gt vor, die Abz\u00fcge f\u00fcr Versicherungspr\u00e4mien und Zinsen von Sparkapitalien bei der direkten Bundessteuer zu erh\u00f6hen. An der Sitzung vom 22. Juni 2022 hat er die Botschaft zum Bundesgesetz \u00fcber die direkte Bundessteuer verabschiedet. Mit dieser Vorlage setzt der Bundesrat die Motion Grin 17.3171 um. Der Bundesrat will die Abz\u00fcge f\u00fcr Versicherungspr\u00e4mien und..."}